{"id":604,"date":"2020-06-09T15:49:12","date_gmt":"2020-06-09T15:49:12","guid":{"rendered":"http:\/\/gemeinden.huegelland-taeler.de\/?page_id=604"},"modified":"2025-03-23T08:36:28","modified_gmt":"2025-03-23T08:36:28","slug":"renthendorf-mit-hellborn","status":"publish","type":"page","link":"https:\/\/gemeinden.huegelland-taeler.de\/?page_id=604","title":{"rendered":"Renthendorf mit Hellborn"},"content":{"rendered":"\n<figure class=\"wp-block-table\"><table><tbody><tr><td><strong>Gemeinde Renthendorf<br>mit Hellborn<\/strong><\/td><td><\/td><\/tr><tr><td>Bundesland:<\/td><td>Th\u00fcringen<\/td><\/tr><tr><td>Landkreis:<\/td><td>Saale-Holzland-Kreis<\/td><\/tr><tr><td>Fl\u00e4che der Gemarkung:<\/td><td>11,6 km\u00b2<\/td><\/tr><tr><td>Einwohner<\/td><td>402<\/td><\/tr><tr><td>Adresse der Gemeindeverwaltung:<\/td><td>Dorfstra\u00dfe 20a (Dorfgemeinschaftshaus)<br>07646 Renthendorf<\/td><\/tr><tr><td>Postanschrift:<\/td><td>Verwaltungsgemeinschaft \u201cH\u00fcgelland-T\u00e4ler\u201d<br>Gemeinde Renthendorf<br>Pfarrwinkel 10<br>07646 Tr\u00f6bnitz<\/td><\/tr><tr><td>Telefon Gemeindeb\u00fcro:<\/td><td>036426 209110<\/td><\/tr><tr><td>Fax:<\/td><td>036426 209113<\/td><\/tr><tr><td>B\u00fcrgermeister:<\/td><td>Heiko Willsch<\/td><\/tr><tr><td>Handy:<\/td><td>0151 509 006 84<\/td><\/tr><tr><td>Sprechzeit:<\/td><td>nach vorheriger telefonischer Vereinbarung<\/td><\/tr><tr><td>E-Mail:<\/td><td>buergermeister.renthendorf@gmail.com<\/td><\/tr><\/tbody><\/table><\/figure>\n\n\n\n<div class=\"wp-block-cover alignleft\" style=\"min-height:433px\"><span aria-hidden=\"true\" class=\"wp-block-cover__background has-dark-gray-background-color has-background-dim-30 has-background-dim\"><\/span><img decoding=\"async\" loading=\"lazy\" width=\"246\" height=\"304\" class=\"wp-block-cover__image-background wp-image-622\" alt=\"\" src=\"https:\/\/gemeinden.huegelland-taeler.de\/wp-content\/uploads\/2020\/06\/brehmgedenkst_1a.jpg\" data-object-fit=\"cover\" srcset=\"https:\/\/gemeinden.huegelland-taeler.de\/wp-content\/uploads\/2020\/06\/brehmgedenkst_1a.jpg 246w, https:\/\/gemeinden.huegelland-taeler.de\/wp-content\/uploads\/2020\/06\/brehmgedenkst_1a-243x300.jpg 243w\" sizes=\"(max-width: 246px) 100vw, 246px\" \/><div class=\"wp-block-cover__inner-container\">\n<p class=\"has-text-align-center has-white-color has-text-color\" style=\"font-size:32px\"><a href=\"https:\/\/www.brehms-welt.de\/\"><strong>Brehm-<\/strong><br><strong>Gedenk-<\/strong><br><strong>st\u00e4tte <\/strong>Renthendorf<\/a><\/p>\n<\/div><\/div>\n\n\n\n<div class=\"wp-block-cover alignright is-light\" style=\"min-height:433px\"><span aria-hidden=\"true\" class=\"wp-block-cover__background has-black-background-color has-background-dim\"><\/span><img decoding=\"async\" loading=\"lazy\" width=\"385\" height=\"586\" class=\"wp-block-cover__image-background wp-image-621\" alt=\"\" src=\"https:\/\/gemeinden.huegelland-taeler.de\/wp-content\/uploads\/2020\/06\/renthendrf.jpg\" style=\"object-position:50% 50%\" data-object-fit=\"cover\" data-object-position=\"50% 50%\" srcset=\"https:\/\/gemeinden.huegelland-taeler.de\/wp-content\/uploads\/2020\/06\/renthendrf.jpg 385w, https:\/\/gemeinden.huegelland-taeler.de\/wp-content\/uploads\/2020\/06\/renthendrf-197x300.jpg 197w\" sizes=\"(max-width: 385px) 100vw, 385px\" \/><div class=\"wp-block-cover__inner-container\">\n<p class=\"has-text-align-center has-white-color has-text-color\" style=\"font-size:31px\"><a href=\"https:\/\/gemeinden.huegelland-taeler.de\/?page_id=610\"><strong>Orts-<\/strong><\/a><br><a href=\"https:\/\/gemeinden.huegelland-taeler.de\/?page_id=610\"><strong>geschichte Renthendorf<\/strong><\/a><\/p>\n<\/div><\/div>\n\n\n\n<div class=\"wp-block-cover alignleft is-light\" style=\"min-height:397px\"><span aria-hidden=\"true\" class=\"wp-block-cover__background has-dark-gray-background-color has-background-dim-40 has-background-dim\"><\/span><img decoding=\"async\" loading=\"lazy\" width=\"569\" height=\"559\" class=\"wp-block-cover__image-background wp-image-628\" alt=\"\" src=\"https:\/\/gemeinden.huegelland-taeler.de\/wp-content\/uploads\/2020\/06\/Logo-F\u00f6rderkreis-Brehm.jpg\" data-object-fit=\"cover\" srcset=\"https:\/\/gemeinden.huegelland-taeler.de\/wp-content\/uploads\/2020\/06\/Logo-F\u00f6rderkreis-Brehm.jpg 569w, https:\/\/gemeinden.huegelland-taeler.de\/wp-content\/uploads\/2020\/06\/Logo-F\u00f6rderkreis-Brehm-300x295.jpg 300w\" sizes=\"(max-width: 569px) 100vw, 569px\" \/><div class=\"wp-block-cover__inner-container\">\n<p><\/p>\n\n\n\n<p class=\"has-text-align-center has-white-color has-text-color has-large-font-size\"><a href=\"http:\/\/www.foerderkreis-brehm.de\/\"><strong>F\u00f6rder-<\/strong><\/a><br><a href=\"http:\/\/www.foerderkreis-brehm.de\/\"><strong>kreis <\/strong><\/a><br><a href=\"http:\/\/www.foerderkreis-brehm.de\/\"><strong>Brehm<\/strong><\/a><\/p>\n\n\n\n<p><\/p>\n<\/div><\/div>\n\n\n\n<p><\/p>\n\n\n\n<div class=\"wp-block-cover alignright is-position-center-center\" style=\"min-height:433px\"><span aria-hidden=\"true\" class=\"wp-block-cover__background has-background-dim\"><\/span><img decoding=\"async\" loading=\"lazy\" width=\"1707\" height=\"2560\" class=\"wp-block-cover__image-background wp-image-1159\" alt=\"\" src=\"https:\/\/gemeinden.huegelland-taeler.de\/wp-content\/uploads\/2020\/12\/renthendorf-076-scaled.jpg\" style=\"object-position:50% 50%\" data-object-fit=\"cover\" data-object-position=\"50% 50%\" srcset=\"https:\/\/gemeinden.huegelland-taeler.de\/wp-content\/uploads\/2020\/12\/renthendorf-076-scaled.jpg 1707w, https:\/\/gemeinden.huegelland-taeler.de\/wp-content\/uploads\/2020\/12\/renthendorf-076-200x300.jpg 200w, https:\/\/gemeinden.huegelland-taeler.de\/wp-content\/uploads\/2020\/12\/renthendorf-076-683x1024.jpg 683w, https:\/\/gemeinden.huegelland-taeler.de\/wp-content\/uploads\/2020\/12\/renthendorf-076-768x1152.jpg 768w, https:\/\/gemeinden.huegelland-taeler.de\/wp-content\/uploads\/2020\/12\/renthendorf-076-1024x1536.jpg 1024w, https:\/\/gemeinden.huegelland-taeler.de\/wp-content\/uploads\/2020\/12\/renthendorf-076-1365x2048.jpg 1365w\" sizes=\"(max-width: 1707px) 100vw, 1707px\" \/><div class=\"wp-block-cover__inner-container\">\n<p class=\"has-text-align-center has-white-color has-text-color has-large-font-size\"><strong><a href=\"https:\/\/gemeinden.huegelland-taeler.de\/?page_id=1162\" data-type=\"page\" data-id=\"1162\">Foto-<\/a><\/strong><br><strong><a href=\"https:\/\/gemeinden.huegelland-taeler.de\/?page_id=1162\" data-type=\"page\" data-id=\"1162\">galerie<br>Renthen-<\/a><\/strong><br><strong><a href=\"https:\/\/gemeinden.huegelland-taeler.de\/?page_id=1162\" data-type=\"page\" data-id=\"1162\">dorf<\/a><\/strong><\/p>\n<\/div><\/div>\n\n\n\n<div class=\"wp-block-cover alignleft is-light is-position-center-center\" style=\"min-height:433px\"><span aria-hidden=\"true\" class=\"wp-block-cover__background has-background-dim\"><\/span><img decoding=\"async\" loading=\"lazy\" width=\"451\" height=\"627\" class=\"wp-block-cover__image-background wp-image-1160\" alt=\"\" src=\"http:\/\/gemeinden.huegelland-taeler.de\/wp-content\/uploads\/2020\/12\/hellborn.jpg\" data-object-fit=\"cover\" srcset=\"https:\/\/gemeinden.huegelland-taeler.de\/wp-content\/uploads\/2020\/12\/hellborn.jpg 451w, https:\/\/gemeinden.huegelland-taeler.de\/wp-content\/uploads\/2020\/12\/hellborn-216x300.jpg 216w\" sizes=\"(max-width: 451px) 100vw, 451px\" \/><div class=\"wp-block-cover__inner-container\">\n<p class=\"has-text-align-center has-white-color has-text-color has-large-font-size\"><strong><a href=\"https:\/\/gemeinden.huegelland-taeler.de\/?page_id=1202\" data-type=\"page\" data-id=\"1202\">Foto-<\/a><\/strong><br><strong><a href=\"https:\/\/gemeinden.huegelland-taeler.de\/?page_id=1202\" data-type=\"page\" data-id=\"1202\">galerie<br>Hellborn<\/a><\/strong><\/p>\n<\/div><\/div>\n\n\n\n<p><\/p>\n","protected":false},"excerpt":{"rendered":"<p>Gemeinde Renthendorfmit Hellborn Bundesland: Th\u00fcringen Landkreis: Saale-Holzland-Kreis Fl\u00e4che der Gemarkung: 11,6 km\u00b2 Einwohner 402 Adresse der Gemeindeverwaltung: Dorfstra\u00dfe 20a (Dorfgemeinschaftshaus)07646 Renthendorf Postanschrift: Verwaltungsgemeinschaft \u201cH\u00fcgelland-T\u00e4ler\u201dGemeinde RenthendorfPfarrwinkel 1007646 Tr\u00f6bnitz Telefon Gemeindeb\u00fcro: 036426 209110 Fax: 036426 209113 B\u00fcrgermeister: Heiko Willsch Handy: 0151 509 006 84 Sprechzeit: nach vorheriger telefonischer Vereinbarung E-Mail: buergermeister.renthendorf@gmail.com<\/p>\n","protected":false},"author":1,"featured_media":0,"parent":8,"menu_order":15,"comment_status":"closed","ping_status":"closed","template":"templates\/template-no-sidebar.php","meta":[],"_links":{"self":[{"href":"https:\/\/gemeinden.huegelland-taeler.de\/index.php?rest_route=\/wp\/v2\/pages\/604"}],"collection":[{"href":"https:\/\/gemeinden.huegelland-taeler.de\/index.php?rest_route=\/wp\/v2\/pages"}],"about":[{"href":"https:\/\/gemeinden.huegelland-taeler.de\/index.php?rest_route=\/wp\/v2\/types\/page"}],"author":[{"embeddable":true,"href":"https:\/\/gemeinden.huegelland-taeler.de\/index.php?rest_route=\/wp\/v2\/users\/1"}],"replies":[{"embeddable":true,"href":"https:\/\/gemeinden.huegelland-taeler.de\/index.php?rest_route=%2Fwp%2Fv2%2Fcomments&post=604"}],"version-history":[{"count":22,"href":"https:\/\/gemeinden.huegelland-taeler.de\/index.php?rest_route=\/wp\/v2\/pages\/604\/revisions"}],"predecessor-version":[{"id":1850,"href":"https:\/\/gemeinden.huegelland-taeler.de\/index.php?rest_route=\/wp\/v2\/pages\/604\/revisions\/1850"}],"up":[{"embeddable":true,"href":"https:\/\/gemeinden.huegelland-taeler.de\/index.php?rest_route=\/wp\/v2\/pages\/8"}],"wp:attachment":[{"href":"https:\/\/gemeinden.huegelland-taeler.de\/index.php?rest_route=%2Fwp%2Fv2%2Fmedia&parent=604"}],"curies":[{"name":"wp","href":"https:\/\/api.w.org\/{rel}","templated":true}]}}