{"id":514,"date":"2020-02-14T10:12:42","date_gmt":"2020-02-14T10:12:42","guid":{"rendered":"http:\/\/gemeinden.huegelland-taeler.de\/?page_id=514"},"modified":"2020-02-14T10:21:26","modified_gmt":"2020-02-14T10:21:26","slug":"posaunenchor-tautendorf","status":"publish","type":"page","link":"https:\/\/gemeinden.huegelland-taeler.de\/?page_id=514","title":{"rendered":"Posaunenchor Tautendorf"},"content":{"rendered":"\n<p><strong>Der Posaunenchor Tautendorf<\/strong><\/p>\n\n\n\n<div class=\"wp-block-image\"><figure class=\"alignleft size-large is-resized\"><img decoding=\"async\" loading=\"lazy\" src=\"https:\/\/gemeinden.huegelland-taeler.de\/wp-content\/uploads\/2020\/02\/Posaunenchor-Tautendorf-Logo.png\" alt=\"\" class=\"wp-image-516\" width=\"478\" height=\"326\" srcset=\"https:\/\/gemeinden.huegelland-taeler.de\/wp-content\/uploads\/2020\/02\/Posaunenchor-Tautendorf-Logo.png 640w, https:\/\/gemeinden.huegelland-taeler.de\/wp-content\/uploads\/2020\/02\/Posaunenchor-Tautendorf-Logo-300x204.png 300w\" sizes=\"(max-width: 478px) 100vw, 478px\" \/><\/figure><\/div>\n\n\n\n<p>Der Begr\u00fcnder des Posaunenchores in Tautendorf und einer der  zwei aus dem Gr\u00fcndungsjahr verbliebenen Musiker ist Pfarrer Ekkehard  Hesse. <br><br>Im September 1966 regte er die Gr\u00fcndung des  Posaunenchores an. So begannen damals 4 Sch\u00fcler aus Tautendorf und 3 aus  Eineborn mit dem Erlernen der Blasinstrumente. Den Unterricht gab der  damalige Landesposaunenwart J\u00fcterbog \u201eDer hat uns damals ganz sch\u00f6n  gefordert (\u201egestriezt\u201c)\u201c erinnert sich Manfred Walter, der letzte der  alten Garde, noch genau. Doch die Anstrengungen lohnten sich, denn schon  nach einem Jahr erfolgte der erste Auftritt in der Eineborner Kirche  zur ersten Posaunenfeierstunde. <\/p>\n\n\n\n<p>Die\n Aus- und Weiterbildung \u00fcber Jahrzehnte lag bald in den H\u00e4nden des \nStadtrodaer Kantors Hanj\u00f6rg Geuther. In den T\u00e4lerd\u00f6rfern d\u00fcrfte es ein \nbekanntes Bild gewesen sein, wie er bei Wind und Wetter mit dem Fahrrad \nWoche f\u00fcr Woche nach Tautendorf strampelte. Nach seinem Wegzug nach \nBraunschweig \u00fcbernahm einer der Bl\u00e4ser, Volker Tirpitz, die Leitung; bis\n heute.<\/p>\n\n\n\n<p>Doch\n ganz so einfach war es zu den damaligen Zeiten dann doch nicht, denn \ndie Beschaffung der Instrumente stellt ein Problem dar. \u00dcber Beziehungen\n und durch die Tautendorfer Frauenhilfe konnten nach und nach \nInstrumente beschafft werden, wobei sich auch das eine oder andere \nBlasinstrument ausgeborgt wurde. <\/p>\n\n\n\n<p>Bald\n hatte sich der Posaunenchor Tautendorf in der Kirchgemeinde fest \netabliert und sorgte f\u00fcr den entsprechenden musikalischen Rahmen zu \nkirchlichen Festen, Gottesdiensten, Geburtstagen, Jubil\u00e4en und \nTrauerfeierlichkeiten. <\/p>\n\n\n\n<p>Stolz\n sei Pfarrer Hesse auch immer auf seine Gemeinde gewesen, denn \nschlie\u00dflich waren 10 Prozent der Tautendorfer Einwohner Musiker im \nPosaunenchor. Er hatte in den Zeiten der DDR sogar eine \nSondergenehmigung f\u00fcr die Sch\u00fcler erhalten, dass sie zu ihren Auftritten\n w\u00e4hrend der Unterrichtszeit freigestellt wurden, mit der Auflage, dass \ndie schulischen Leistungen nicht nachlassen w\u00fcrden. Da dies nicht \npassierte bedeutete das f\u00fcr Pfarrer Hesse \u201edass wir nur intelligente \nSch\u00fcler in Tautendorf hatten!!!\u201c <\/p>\n\n\n\n<div class=\"wp-block-image\"><figure class=\"alignleft size-large is-resized\"><img decoding=\"async\" loading=\"lazy\" src=\"https:\/\/gemeinden.huegelland-taeler.de\/wp-content\/uploads\/2020\/02\/posaunenchor2.jpg\" alt=\"\" class=\"wp-image-518\" width=\"501\" height=\"350\" srcset=\"https:\/\/gemeinden.huegelland-taeler.de\/wp-content\/uploads\/2020\/02\/posaunenchor2.jpg 800w, https:\/\/gemeinden.huegelland-taeler.de\/wp-content\/uploads\/2020\/02\/posaunenchor2-300x210.jpg 300w, https:\/\/gemeinden.huegelland-taeler.de\/wp-content\/uploads\/2020\/02\/posaunenchor2-768x537.jpg 768w\" sizes=\"(max-width: 501px) 100vw, 501px\" \/><figcaption>Der Tautendorfer Posaunenchor beim Auftritt zum T\u00e4lerweihnachtsmarkt<\/figcaption><\/figure><\/div>\n\n\n\n<p>Wenn\n Ekkehard Hesse auf die vergangenen Zeiten zur\u00fcckblickt, kann er noch \nviele Begebenheiten berichten, die auch zur Festveranstaltung am 16. und\n 17. September 2006 erz\u00e4hlt werden sollen. <\/p>\n\n\n\n<p>Ebenfalls\n eingeladen auf den Pfarrhof nach Tautendorf ist aus diesem Anlass der \nPartnerchor aus Gr\u00fcndelhardt bei Crailsheim. Seit 1985 pflegt man \npartnerschaftliche Kontakte, die auch nach der Wende noch Bestand haben.\n So geh\u00f6ren gegenseitige Besuche, jeweils zu Himmelfahrt, zum festen \nJahresprogramm des Posaunenchores. <\/p>\n\n\n\n<p>Heute\n treffen sich die derzeit 20 aktiven Musiker aus Tautendorf und \nRenthendorf immer montags zur Probe. Eingerechnet sind dabei schon die \nvier Jungbl\u00e4ser. Da meist die V\u00e4ter ihre Kinder mit f\u00fcr die Musik \nbegeistern konnten, haben die Tautendorfer zum Gl\u00fcck keine \nNachwuchsprobleme. <\/p>\n\n\n\n<p>Dabei\n spielt nicht nur die Freude am Musizieren eine Rolle, sondern auch die \nGemeinschaft, denn nach dem musikalischen Teil der Proben bleiben \n(nat\u00fcrlich nur die alten und gestandenen) Musiker gern noch auf ein \nFl\u00e4schchen Bier sitzen.<\/p>\n\n\n\n<p>Dabei werden in der Gemeinschaft dann auch gleich die wichtigsten Angelegenheiten besprochen.<\/p>\n\n\n\n<p>Unter\n dem Dach der Kirchgemeinde agierend, organisiert und finanziert sich \nder Posaunenchor sozusagen selbst, denn die finanzielle Lage der Kirchen\n ist angespannt. Dabei ist es f\u00fcr die M\u00e4nner um Herrn Hesse ein kleines \nKunstst\u00fcck, den Unterricht, die n\u00f6tigen Materialien und die teuren \nInstrumente zu finanzieren. <\/p>\n\n\n\n<p>Zu\n ihren Auftritten bei Beerdigungen, kirchlichen Festen oder zu \nGeburtstagen und Ehejubil\u00e4en sind die Tautendorfer Bl\u00e4ser deshalb \u00fcber \njede Spende froh, die dann auch vollst\u00e4ndig dem Posaunenchor zukommt.<\/p>\n\n\n\n<p>So\n vielf\u00e4ltig wie die Anl\u00e4sse ihrer Auftritte ist auch das Repertoire des \nKlangk\u00f6rpers. Neben der kirchlichen Musik geh\u00f6ren auch Klassik, \nVolkslieder, M\u00e4rsche, Walzer, Swing, Gospels und Stimmungslieder zum \neinstudierten Programm. \u201eDas alles soll zum Posaunenfest anl\u00e4sslich \nunseres 40j\u00e4hrigen Bestehens gezeigt werden\u201c, verspricht Herr Hesse.<\/p>\n\n\n\n<p>Wer\n nicht so lange warten m\u00f6chte und die Musiker aus Tautendorf mit einem \nTeil ihres K\u00f6nnens schon bald erleben m\u00f6chte, hat dazu Ostern oder zu \nPfingsten in der Kirche Tautendorf oder in einer der Umgebung dazu \nsicherlich Gelegenheit. Weitere Auftritte im Verlaufe des Jahres \nabsolviert der Posaunenchor in den umliegenden Orten: Z.B. Adventsmusik \nin Lederhose, Eineborn und Ottendorf;<\/p>\n\n\n\n<p>Waldgottesdienst in Bremsnitz,<\/p>\n\n\n\n<p>Konfirmationsgottesdienst in Eineborn, Renthendorf und Tautendorf.<\/p>\n\n\n\n<p>T. S. (M\u00e4rz 2006)<\/p>\n","protected":false},"excerpt":{"rendered":"<p>Der Posaunenchor Tautendorf Der Begr\u00fcnder des Posaunenchores in Tautendorf und einer der zwei aus dem Gr\u00fcndungsjahr verbliebenen Musiker ist Pfarrer Ekkehard Hesse. Im September 1966 regte er die Gr\u00fcndung des Posaunenchores an. So begannen damals 4 Sch\u00fcler aus Tautendorf und 3 aus Eineborn mit dem Erlernen der Blasinstrumente. Den Unterricht gab der damalige Landesposaunenwart J\u00fcterbog \u201eDer hat uns damals ganz sch\u00f6n gefordert (\u201egestriezt\u201c)\u201c erinnert sich Manfred Walter, der letzte der alten Garde, noch genau. Doch die Anstrengungen lohnten sich, denn&#8230;<\/p>\n<p class=\"read-more\"><a class=\"btn btn-default\" href=\"https:\/\/gemeinden.huegelland-taeler.de\/?page_id=514\">Weiterlesen<span class=\"screen-reader-text\"> Weiterlesen<\/span><\/a><\/p>\n","protected":false},"author":1,"featured_media":0,"parent":508,"menu_order":0,"comment_status":"closed","ping_status":"closed","template":"templates\/template-no-sidebar.php","meta":[],"_links":{"self":[{"href":"https:\/\/gemeinden.huegelland-taeler.de\/index.php?rest_route=\/wp\/v2\/pages\/514"}],"collection":[{"href":"https:\/\/gemeinden.huegelland-taeler.de\/index.php?rest_route=\/wp\/v2\/pages"}],"about":[{"href":"https:\/\/gemeinden.huegelland-taeler.de\/index.php?rest_route=\/wp\/v2\/types\/page"}],"author":[{"embeddable":true,"href":"https:\/\/gemeinden.huegelland-taeler.de\/index.php?rest_route=\/wp\/v2\/users\/1"}],"replies":[{"embeddable":true,"href":"https:\/\/gemeinden.huegelland-taeler.de\/index.php?rest_route=%2Fwp%2Fv2%2Fcomments&post=514"}],"version-history":[{"count":3,"href":"https:\/\/gemeinden.huegelland-taeler.de\/index.php?rest_route=\/wp\/v2\/pages\/514\/revisions"}],"predecessor-version":[{"id":519,"href":"https:\/\/gemeinden.huegelland-taeler.de\/index.php?rest_route=\/wp\/v2\/pages\/514\/revisions\/519"}],"up":[{"embeddable":true,"href":"https:\/\/gemeinden.huegelland-taeler.de\/index.php?rest_route=\/wp\/v2\/pages\/508"}],"wp:attachment":[{"href":"https:\/\/gemeinden.huegelland-taeler.de\/index.php?rest_route=%2Fwp%2Fv2%2Fmedia&parent=514"}],"curies":[{"name":"wp","href":"https:\/\/api.w.org\/{rel}","templated":true}]}}