{"id":448,"date":"2020-02-14T07:28:32","date_gmt":"2020-02-14T07:28:32","guid":{"rendered":"http:\/\/gemeinden.huegelland-taeler.de\/?page_id=448"},"modified":"2020-02-14T08:05:20","modified_gmt":"2020-02-14T08:05:20","slug":"heimatabende-gneus","status":"publish","type":"page","link":"https:\/\/gemeinden.huegelland-taeler.de\/?page_id=448","title":{"rendered":"Heimatabende Gneus"},"content":{"rendered":"\n<div class=\"wp-block-image\"><figure class=\"alignleft\"><img decoding=\"async\" src=\"https:\/\/www.huegelland-taeler.de\/assets\/images\/Wolfgang_Seim.jpg\" alt=\"Wolfgang Seim\"\/><figcaption>Wolfgang Seim<\/figcaption><\/figure><\/div>\n\n\n\n<p><strong>Wolfgang Seim &#8211; Chronist mit der Kamera<\/strong><\/p>\n\n\n\n<p>Um\n ihn kann man die Einwohner der Gemeinde Gneus einfach nur beneiden: \nWolfgang Seim, den Mann mit der Kamera. Ganz unauff\u00e4llig findet er sich \nfast immer dann mit seinem Fotoapparat ein, wenn etwas los ist in Gneus \noder aber auch in den Gemeinden der Umgebung. In Gneus \u00fcbernahm er vor \nmehr als 40 Jahren das Amt des &#8222;Dorffotochronisten&#8220; von seinem \nVorg\u00e4nger, mit dem er dies eine Zeit gemeinsam ausge\u00fcbt hatte. <\/p>\n\n\n\n<p>Seit\n dem f\u00fchrt er eine in unserer Gegend wohl einmalige Tradition fort. In \nGneus findet zum Anfang eines jeden Jahres ein Heimatabend statt, zu dem\n Herr Seim Dias aus dem vergangenem Jahr und aus dem Jahr, welches genau\n 10 Jahre zur\u00fcckliegt, den Einwohnern und Besuchern von Gneus \npr\u00e4sentiert. So k\u00f6nnen die Gneuser in unserer schnelllebigen Zeit noch \neinmal in geselliger Runde auf das vergangene Jahr zur\u00fcckblicken und \nsich die Ver\u00e4nderungen der letzten zehn Jahre bewusst machen. <\/p>\n\n\n\n<p>Wenn\n also etwas passiert in Gneus, so wird &#8222;Seim`s Wolfgang&#8220; schon fast \nerwartet, doch es sind auch die ganz einfachen Dinge und Begebenheiten, \nwie Feste, Baut\u00e4tigkeiten oder Feierlichkeiten, die Wolfgang Seim per \nDia f\u00fcr die Zukunft festh\u00e4lt. &#8222;Bei einem Text kann man zwischen den \nZeilen lesen, bei einem \u00e4lteren Dia ist oft auch der Hintergrund bzw. \ndas Umfeld des eigentlichen Motivs ansprechend&#8220;, meint Wolfgang Seim zum Erfolg der Heimatabende.<\/p>\n\n\n\n<p>Gern\n fotografiert er Kinder. Einerseits, weil sie ja immer &#8222;fotogen&#8220; sind \nund au\u00dferdem sind an ihnen die Ver\u00e4nderungen innerhalb von 10 Jahren am \ndeutlichsten, weshalb die \u00e4lteren Kinderportraits zu den Heimatabenden \nwohl auch die meiste Heiterkeit hervorrufen.<\/p>\n\n\n\n<p>Extra\n f\u00fcr die Kinder gibt es jedes Jahr schon am Nachmittag eine \nHeimatabendausgabe und es bereitet selbst den Kleinen schon viel Freude,\n sich auf der Leinwand auf Bildern vom vergangenen Jahr wieder zu \nerkennen. <\/p>\n\n\n\n<p>Doch\n wie schon erw\u00e4hnt entdeckt man Herrn Seim nicht nur in Gneus, sondern \nauch in den Gemeinden der Umgebung ist er zur Stelle, wenn ein Ereignis \nf\u00fcr die Nachwelt festgehalten werden muss. <\/p>\n\n\n\n<figure class=\"wp-block-image\"><img decoding=\"async\" src=\"https:\/\/www.huegelland-taeler.de\/assets\/images\/autogen\/a_Heimatabend2.jpg\" alt=\"Heimatabend2\"\/><\/figure>\n\n\n\n<p>Aus\n diesem Grund wird er auch von anderen Gemeinden angesprochen, seine \nDias der \u00d6ffentlichkeit vorzuf\u00fchren. An der angespannten Stille, den \nfreudigen Ausrufen oder den spontanen Lachern, welche die Kommentare von Wolfgang Seim zu solchen Abenden begleiten, erkennt man den Zauber, den das Dia heute immer noch aus\u00fcbt. <\/p>\n\n\n\n<p>Uns\n ist beim Betrachten seiner Bilder bestimmt nicht immer bewusst, wie \nviel Arbeit und M\u00fche im Laufe der Zeit Herrn Seim sein Hobby gekostet \nhat, muss doch jedes Dia eingeordnet und betitelt werden, um nicht die \n\u00dcbersicht zu verlieren bei einem Fundus aus \u00fcber 40 Jahren. Zum Umfang \nseiner Sammlung meint Wolfgang Seim: &#8222;Ich wei\u00df nicht, wie viele Dias ich\n habe, man k\u00f6nnte es ausrechnen, aber ich will\u2019s gar nicht wissen.&#8220;<\/p>\n\n\n\n<p>W\u00fcnschen\n wir Herrn Seim Gesundheit, dass er noch lange seiner Fotoleidenschaft \nnachgehen kann und mit seinen Bildern weiterhin Momente festh\u00e4lt, welche\n ohne ihn unwiederbringlich verloren w\u00e4ren.<\/p>\n\n\n\n<p>T. Schwarz (M\u00e4rz 2003) <\/p>\n\n\n\n<div class=\"wp-block-image\"><figure class=\"alignright size-large\"><img decoding=\"async\" loading=\"lazy\" width=\"512\" height=\"747\" src=\"https:\/\/gemeinden.huegelland-taeler.de\/wp-content\/uploads\/2020\/02\/WolfganSeim.jpg\" alt=\"\" class=\"wp-image-454\" srcset=\"https:\/\/gemeinden.huegelland-taeler.de\/wp-content\/uploads\/2020\/02\/WolfganSeim.jpg 512w, https:\/\/gemeinden.huegelland-taeler.de\/wp-content\/uploads\/2020\/02\/WolfganSeim-206x300.jpg 206w\" sizes=\"(max-width: 512px) 100vw, 512px\" \/><\/figure><\/div>\n\n\n\n<p>Dass die Tradition des j\u00e4hrlichen Heimatabends, der 1957 von Lehrer Krapp eingef\u00fchrt wurde, tats\u00e4chlich bis heute Bestand haben w\u00fcrde, daran h\u00e4tte damals so manch ein Einwohner von Gneus gezweifelt. Bereits zu diesem Zeitpunkt lieferte Wolfgang Seim \u201eFutter\u201c f\u00fcr den Heimatabend bei dem Lehrer ab \u2013 stellte einige seiner Dias zur Verf\u00fcgung. Folglich war er sp\u00e4ter DER Mann, der diese Tradition fortf\u00fchren sollte, als besagter Lehrer das Amt abgab. Schlie\u00dflich hatte er bereits damals sehr h\u00e4ufig die Kamera bei sich. In-zwischen sind es mehr als 50 Jahre, die er f\u00fcr Gneus und Umgebung mit der Kamera unter-wegs war. \u201eSelbst auf dem Traktor in Staub und Hitze war der Fotoapparat oft dabei\u201c, erinnert sich der heute 79\u00adJ\u00e4hrige zur\u00fcck. Bei allen m\u00f6glichen und unm\u00f6glichen Gelegenheiten ist der Hobbyfotograf zur Stelle, lichtet alles ab, was sp\u00e4ter noch einmal f\u00fcr Gespr\u00e4chsstoff sorgen k\u00f6nnte \u2013 oder einfach nur im Bild f\u00fcr die Ewigkeit festgehalten werden sollte. \u201eNat\u00fcrlich kann ich nicht \u00fcberall sein. Da kommt dann schon mal die Frage: Wo warst Du als dies oder jenes geschah?\u201c. Dass er jedoch beinahe von einem Event zum n\u00e4chsten tingelt, im gesamten Bereich der VG \u00adH\u00fcgelland immer wieder mit Kamera gesehen wird, kommt dem Fragenden dabei nicht ins Bewusstsein. <\/p>\n\n\n\n<p>V. H\u00f6ntsch (2015)<\/p>\n","protected":false},"excerpt":{"rendered":"<p>Wolfgang Seim &#8211; Chronist mit der Kamera Um ihn kann man die Einwohner der Gemeinde Gneus einfach nur beneiden: Wolfgang Seim, den Mann mit der Kamera. Ganz unauff\u00e4llig findet er sich fast immer dann mit seinem Fotoapparat ein, wenn etwas los ist in Gneus oder aber auch in den Gemeinden der Umgebung. In Gneus \u00fcbernahm er vor mehr als 40 Jahren das Amt des &#8222;Dorffotochronisten&#8220; von seinem Vorg\u00e4nger, mit dem er dies eine Zeit gemeinsam ausge\u00fcbt hatte. Seit dem f\u00fchrt&#8230;<\/p>\n<p class=\"read-more\"><a class=\"btn btn-default\" href=\"https:\/\/gemeinden.huegelland-taeler.de\/?page_id=448\">Weiterlesen<span class=\"screen-reader-text\"> Weiterlesen<\/span><\/a><\/p>\n","protected":false},"author":1,"featured_media":0,"parent":442,"menu_order":0,"comment_status":"closed","ping_status":"closed","template":"templates\/template-no-sidebar.php","meta":[],"_links":{"self":[{"href":"https:\/\/gemeinden.huegelland-taeler.de\/index.php?rest_route=\/wp\/v2\/pages\/448"}],"collection":[{"href":"https:\/\/gemeinden.huegelland-taeler.de\/index.php?rest_route=\/wp\/v2\/pages"}],"about":[{"href":"https:\/\/gemeinden.huegelland-taeler.de\/index.php?rest_route=\/wp\/v2\/types\/page"}],"author":[{"embeddable":true,"href":"https:\/\/gemeinden.huegelland-taeler.de\/index.php?rest_route=\/wp\/v2\/users\/1"}],"replies":[{"embeddable":true,"href":"https:\/\/gemeinden.huegelland-taeler.de\/index.php?rest_route=%2Fwp%2Fv2%2Fcomments&post=448"}],"version-history":[{"count":3,"href":"https:\/\/gemeinden.huegelland-taeler.de\/index.php?rest_route=\/wp\/v2\/pages\/448\/revisions"}],"predecessor-version":[{"id":455,"href":"https:\/\/gemeinden.huegelland-taeler.de\/index.php?rest_route=\/wp\/v2\/pages\/448\/revisions\/455"}],"up":[{"embeddable":true,"href":"https:\/\/gemeinden.huegelland-taeler.de\/index.php?rest_route=\/wp\/v2\/pages\/442"}],"wp:attachment":[{"href":"https:\/\/gemeinden.huegelland-taeler.de\/index.php?rest_route=%2Fwp%2Fv2%2Fmedia&parent=448"}],"curies":[{"name":"wp","href":"https:\/\/api.w.org\/{rel}","templated":true}]}}